{"id":17704,"date":"2023-08-28T16:32:30","date_gmt":"2023-08-28T14:32:30","guid":{"rendered":"https:\/\/www.lumen-care.com\/?page_id=17704"},"modified":"2024-02-20T12:26:53","modified_gmt":"2024-02-20T11:26:53","slug":"ausbildung-therapeut-2","status":"publish","type":"page","link":"https:\/\/www.lumen-care.com\/de\/katalog-ausbildungen\/ausbildung-therapeut-2\/","title":{"rendered":"Ausbildung in Wellness und emotionaler Umprogrammierung"},"content":{"rendered":"<div data-elementor-type=\"wp-page\" data-elementor-id=\"17704\" class=\"elementor elementor-17704\" data-elementor-post-type=\"page\">\n\t\t\t\t\t\t<section data-particle_enable=\"false\" data-particle-mobile-disabled=\"false\" class=\"elementor-section elementor-top-section elementor-element elementor-element-6e97a836 elementor-section-boxed elementor-section-height-default elementor-section-height-default\" data-id=\"6e97a836\" data-element_type=\"section\" data-e-type=\"section\">\n\t\t\t\t\t\t<div class=\"elementor-container elementor-column-gap-default\">\n\t\t\t\t\t<div class=\"elementor-column elementor-col-50 elementor-top-column elementor-element elementor-element-70793bf8\" data-id=\"70793bf8\" data-element_type=\"column\" data-e-type=\"column\">\n\t\t\t<div class=\"elementor-widget-wrap elementor-element-populated\">\n\t\t\t\t\t\t<section data-particle_enable=\"false\" data-particle-mobile-disabled=\"false\" class=\"elementor-section elementor-inner-section elementor-element elementor-element-d8552f4 elementor-section-boxed elementor-section-height-default elementor-section-height-default\" data-id=\"d8552f4\" data-element_type=\"section\" data-e-type=\"section\">\n\t\t\t\t\t\t<div class=\"elementor-container elementor-column-gap-default\">\n\t\t\t\t\t<div class=\"elementor-column elementor-col-100 elementor-inner-column elementor-element elementor-element-71289ec\" data-id=\"71289ec\" data-element_type=\"column\" data-e-type=\"column\">\n\t\t\t<div class=\"elementor-widget-wrap elementor-element-populated\">\n\t\t\t\t\t\t<div class=\"elementor-element elementor-element-a9ffbe1 elementor-widget elementor-widget-text-editor\" data-id=\"a9ffbe1\" data-element_type=\"widget\" data-e-type=\"widget\" data-widget_type=\"text-editor.default\">\n\t\t\t\t<div class=\"elementor-widget-container\">\n\t\t\t\t\t\t\t\t\t<p style=\"line-height: 1.38; margin-top: 12pt; margin-bottom: 12pt;\"><span style=\"font-size: 17pt; font-family: Arial; color: #00aae7; background-color: transparent; font-weight: bold; font-style: normal; font-variant: normal; text-decoration: none; vertical-align: baseline; white-space: pre-wrap;\">Betitelt:<br \/><span style=\"color: #808080;\">Wohlbefinden und emotionale Umprogrammierung durch Vibratory Reformation<\/span><\/span><\/p><p>Hinweis: Diese Fortbildung ist unabh\u00e4ngig von der Fortbildung, die k\u00f6rperliche Empfindsamkeiten einschlie\u00dft, in der die emotionale Ebene bereits angesprochen, aber weniger vertieft wird.<\/p><p>\u00a0<\/p>\t\t\t\t\t\t\t\t<\/div>\n\t\t\t\t<\/div>\n\t\t\t\t<div class=\"elementor-element elementor-element-f29782f elementor-widget elementor-widget-text-editor\" data-id=\"f29782f\" data-element_type=\"widget\" data-e-type=\"widget\" data-widget_type=\"text-editor.default\">\n\t\t\t\t<div class=\"elementor-widget-container\">\n\t\t\t\t\t\t\t\t\t<p id=\"docs-internal-guid-8bd0c803-7fff-4c42-1431-895e61e532c0\" dir=\"ltr\" style=\"line-height: 1.38; margin-top: 12pt; margin-bottom: 12pt;\"><span id=\"docs-internal-guid-7c5e4747-7fff-9e20-4779-adc310f41bfc\" style=\"font-size: 17pt; font-family: Arial; color: #00aae7; background-color: transparent; font-weight: bold; font-style: normal; font-variant: normal; text-decoration: none; vertical-align: baseline; white-space: pre-wrap;\">Warum sich bilden<\/span><\/p>\n<ul>\n<li dir=\"ltr\" style=\"line-height: 1.38;\" role=\"presentation\"><span style=\"font-size: 11pt; font-family: Arial; color: #808080; background-color: transparent; font-weight: 400; font-style: normal; font-variant: normal; text-decoration: none; vertical-align: baseline; white-space: pre-wrap;\">Der Umgang mit den eigenen Emotionen ist f\u00fcr die meisten Menschen ein sensibles Thema<\/span><\/li>\n<li dir=\"ltr\" style=\"line-height: 1.38;\" role=\"presentation\"><span style=\"font-size: 11pt; font-family: Arial; color: #808080; background-color: transparent; font-weight: 400; font-style: normal; font-variant: normal; text-decoration: none; vertical-align: baseline; white-space: pre-wrap;\">Lumen Care hat eine Methode zur tiefen Umprogrammierung durch die Verst\u00e4rkung positiver Emotionen entwickelt.<\/span><\/li>\n<li dir=\"ltr\" style=\"line-height: 1.38;\" role=\"presentation\"><span style=\"font-size: 11pt; font-family: Arial; color: #808080; background-color: transparent; font-weight: 400; font-style: normal; font-variant: normal; text-decoration: none; vertical-align: baseline; white-space: pre-wrap;\">Es ist ein Werkzeug, das sowohl wie Bl\u00fctenessenzen f\u00fcr das t\u00e4gliche Wohlbefinden funktioniert, als auch und vor allem f\u00fcr eine tiefgehende emotionale Transformation und Reharmonisierung.<\/span><\/li>\n<\/ul>\t\t\t\t\t\t\t\t<\/div>\n\t\t\t\t<\/div>\n\t\t\t\t<div class=\"elementor-element elementor-element-b12d056 elementor-widget elementor-widget-text-editor\" data-id=\"b12d056\" data-element_type=\"widget\" data-e-type=\"widget\" data-widget_type=\"text-editor.default\">\n\t\t\t\t<div class=\"elementor-widget-container\">\n\t\t\t\t\t\t\t\t\t<p id=\"docs-internal-guid-8bd0c803-7fff-4c42-1431-895e61e532c0\" dir=\"ltr\" style=\"line-height: 1.38; margin-top: 12pt; margin-bottom: 12pt;\"><span id=\"docs-internal-guid-7c5e4747-7fff-9e20-4779-adc310f41bfc\" style=\"font-size: 17pt; font-family: Arial; color: #00aae7; background-color: transparent; font-weight: bold; font-style: normal; font-variant: normal; text-decoration: none; vertical-align: baseline; white-space: pre-wrap;\">Ziele der Ausbildung<\/span><\/p><p dir=\"ltr\">Nach Abschluss des Kurses werden die Teilnehmer in der Lage sein :<\/p><ul><li dir=\"ltr\" style=\"line-height: 1.38;\" role=\"presentation\"><span style=\"font-size: 11pt; font-family: Arial; color: #808080; background-color: transparent; font-weight: 400; font-style: normal; font-variant: normal; text-decoration: none; vertical-align: baseline; white-space: pre-wrap;\">F\u00fchren Sie einen Sensibilit\u00e4tstest durch, um die emotionalen Schw\u00e4chen zu ermitteln, die eine St\u00f6rung verursachen.<\/span><\/li><li dir=\"ltr\" style=\"line-height: 1.38;\" role=\"presentation\"><span style=\"font-size: 11pt; font-family: Arial; color: #808080; background-color: transparent; font-weight: 400; font-style: normal; font-variant: normal; text-decoration: none; vertical-align: baseline; white-space: pre-wrap;\">Ein Pflegeprotokoll f\u00fcr die Kontakthom\u00f6opathie festlegen.<\/span><\/li><li dir=\"ltr\" style=\"line-height: 1.38;\" role=\"presentation\"><span style=\"font-size: 11pt; font-family: Arial; color: #808080; background-color: transparent; font-weight: 400; font-style: normal; font-variant: normal; text-decoration: none; vertical-align: baseline; white-space: pre-wrap;\">Eine Nachbehandlung durchf\u00fchren<\/span><\/li><\/ul>\t\t\t\t\t\t\t\t<\/div>\n\t\t\t\t<\/div>\n\t\t\t\t<div class=\"elementor-element elementor-element-0ad365f elementor-widget elementor-widget-text-editor\" data-id=\"0ad365f\" data-element_type=\"widget\" data-e-type=\"widget\" data-widget_type=\"text-editor.default\">\n\t\t\t\t<div class=\"elementor-widget-container\">\n\t\t\t\t\t\t\t\t\t<h2 dir=\"ltr\" style=\"line-height: 1.38; margin-top: 18pt; margin-bottom: 4pt;\"><span style=\"font-size: 17pt; font-family: Arial; color: #00aae7; background-color: transparent; font-weight: bold; font-style: normal; font-variant: normal; text-decoration: none; vertical-align: baseline; white-space: pre-wrap;\">Profile der Praktikanten<\/span><\/h2><ul><li><span style=\"font-size: 11pt; font-family: Arial; color: #808080; background-color: transparent; font-weight: 400; font-style: normal; font-variant: normal; text-decoration: none; vertical-align: baseline; white-space: pre-wrap;\">Aktive oder angehende Therapeuten<\/span><\/li><li><span style=\"font-size: 11pt; font-family: Arial; color: #808080; background-color: transparent; font-weight: 400; font-style: normal; font-variant: normal; text-decoration: none; vertical-align: baseline; white-space: pre-wrap;\">Gesundheitsfachkr\u00e4fte<\/span><\/li><li><span style=\"font-size: 11pt; font-family: Arial; color: #808080; background-color: transparent; font-weight: 400; font-style: normal; font-variant: normal; text-decoration: none; vertical-align: baseline; white-space: pre-wrap;\">Jede Person, die die Methode praktizieren m\u00f6chte<\/span><\/li><\/ul><div>Voraussetzungen: Ausgestattet mit einem Computer mit Mikrofon und Kamera und einer Breitband-Internetverbindung.<\/div><div>\u00a0<\/div>\t\t\t\t\t\t\t\t<\/div>\n\t\t\t\t<\/div>\n\t\t\t\t<div class=\"elementor-element elementor-element-2ed8995 elementor-widget elementor-widget-text-editor\" data-id=\"2ed8995\" data-element_type=\"widget\" data-e-type=\"widget\" data-widget_type=\"text-editor.default\">\n\t\t\t\t<div class=\"elementor-widget-container\">\n\t\t\t\t\t\t\t\t\t<h2><span style=\"font-weight: 400; color: #00aae7;\"><b>Ablauf<\/b><\/span><\/h2><p><span style=\"font-weight: 400;\">Die gesamte Ausbildung findet statt in <\/span><b>eine Periode von <\/b><b>3 <\/b><b>Monate bis zum Erhalt der Zertifizierung<\/b><span style=\"font-weight: 400;\">. Sie beruht auf dem Prinzip des <\/span><b>Blended Learning <\/b><span style=\"font-weight: 400;\">(<\/span><span style=\"font-weight: 400;\">Typ des gemischten Lernens zwischen Pr\u00e4senzunterricht und Fernunterricht) mit\u00a0 <\/span><b>Wechsel zwischen verschiedenen Phasen<\/b><span style=\"font-weight: 400;\"> :\u00a0<\/span><\/p><p><span style=\"font-weight: 400;\">Theoretische Kurse sowie Grund- und Aufbauwissen als E-Learning.\u00a0<\/span><\/p><p><span style=\"font-weight: 400;\">Das Erlernen der Methode und ihre Anwendung, im direkten Praktikum mit dem Trainer (in Pr\u00e4senz oder synchronem Fernunterricht).<\/span><\/p><p><span style=\"font-weight: 400;\">Sitzungen mit kollektiven Praxisbegleitungen und Einzelbegleitungen (was eine angepasste Herangehensweise an die Probleme erm\u00f6glicht.) Dies sind Momente der Erkl\u00e4rung, des Austauschs, der Zusammenfassung und der Abhilfe.<\/span><\/p><p><span style=\"font-weight: 400;\">Ausgebildete Therapeuten erwerben eine Reihe von F\u00e4higkeiten, die sie bef\u00e4higen :<\/span><\/p><ul><li style=\"list-style-type: none;\"><ul><li style=\"font-weight: 400;\" aria-level=\"1\"><span style=\"font-weight: 400;\">selbstst\u00e4ndig Tests an ihren Klientinnen und Klienten durchzuf\u00fchren,\u00a0<\/span><\/li><li style=\"font-weight: 400;\" aria-level=\"1\"><span style=\"font-weight: 400;\">geeignete Protokolle vorzuschlagen\u00a0<\/span><\/li><li style=\"font-weight: 400;\" aria-level=\"1\"><span style=\"font-weight: 400;\">auf die Tools, Wissensdatenbanken und den technischen Support von Lumen Care zuzugreifen.<\/span><\/li><\/ul><\/li><\/ul><p><span style=\"font-weight: 400;\">Therapeuten werden zertifiziert nach<\/span><span style=\"font-weight: 400;\"> drei Monate <\/span><span style=\"font-weight: 400;\">und k\u00f6nnen im Verzeichnis der Praktizierenden der Lumen-Care-Methode aufgef\u00fchrt werden.<\/span><\/p><ul><li style=\"list-style-type: none;\"><ul><li style=\"font-weight: 400;\" aria-level=\"1\"><span style=\"font-weight: 400;\">Die Geb\u00fchr f\u00fcr die Konsultation des Therapeuten ist frei w\u00e4hlbar,\u00a0<\/span><\/li><li style=\"font-weight: 400;\" aria-level=\"1\"><span style=\"font-weight: 400;\">Der Therapeut teilt dem Klienten das Ergebnis des Tests mit.<\/span><\/li><li style=\"font-weight: 400;\" aria-level=\"1\"><span style=\"font-weight: 400;\">Die Bestellung der Behandlung erfolgt direkt auf der Website des Labors \u00fcber die Kundenbetreuungsanwendung 'Verbatim\".<\/span><\/li><li style=\"font-weight: 400;\" aria-level=\"1\"><span style=\"font-weight: 400;\">Die Kapsel wird innerhalb von 48 Stunden per Post an den Kunden versandt.<\/span><\/li><\/ul><\/li><\/ul>\t\t\t\t\t\t\t\t<\/div>\n\t\t\t\t<\/div>\n\t\t\t\t<div class=\"elementor-element elementor-element-db3350c elementor-widget elementor-widget-text-editor\" data-id=\"db3350c\" data-element_type=\"widget\" data-e-type=\"widget\" data-widget_type=\"text-editor.default\">\n\t\t\t\t<div class=\"elementor-widget-container\">\n\t\t\t\t\t\t\t\t\t<h2 dir=\"ltr\" style=\"line-height: 1.38; margin-top: 18pt; margin-bottom: 4pt;\"><span style=\"font-size: 17pt; font-family: Arial; color: #00aae7; background-color: transparent; font-weight: bold; font-style: normal; font-variant: normal; text-decoration: none; vertical-align: baseline; white-space: pre-wrap;\">Zug\u00e4nglichkeit<\/span><\/h2><p><span class=\"text-with-new-lines\">Wir werden versuchen, gemeinsam mit Ihnen den besten Weg zu finden, um Ihnen die Teilnahme an Ihrer Ausbildung zu erm\u00f6glichen. Kontaktieren Sie uns also, damit wir gemeinsam die ideale L\u00f6sung finden k\u00f6nnen.<\/span><\/p>\t\t\t\t\t\t\t\t<\/div>\n\t\t\t\t<\/div>\n\t\t\t\t<div class=\"elementor-element elementor-element-722512d elementor-widget elementor-widget-text-editor\" data-id=\"722512d\" data-element_type=\"widget\" data-e-type=\"widget\" data-widget_type=\"text-editor.default\">\n\t\t\t\t<div class=\"elementor-widget-container\">\n\t\t\t\t\t\t\t\t\t<p><strong style=\"color: #00aae7; font-family: Lato, sans-serif; font-size: 1.6em;\">Leistungsindikatoren :<\/strong><\/p>\t\t\t\t\t\t\t\t<\/div>\n\t\t\t\t<\/div>\n\t\t\t\t<div class=\"elementor-element elementor-element-58c55b2 elementor-widget elementor-widget-text-editor\" data-id=\"58c55b2\" data-element_type=\"widget\" data-e-type=\"widget\" data-widget_type=\"text-editor.default\">\n\t\t\t\t<div class=\"elementor-widget-container\">\n\t\t\t\t\t\t\t\t\t<div data-id=\"a088c19\" data-element_type=\"widget\" data-widget_type=\"text-editor.default\"><div><div><ul><li>Noch kein Indikator verf\u00fcgbar<\/li><\/ul><\/div><\/div><\/div>\t\t\t\t\t\t\t\t<\/div>\n\t\t\t\t<\/div>\n\t\t\t\t\t<\/div>\n\t\t<\/div>\n\t\t\t\t\t<\/div>\n\t\t<\/section>\n\t\t\t\t\t<\/div>\n\t\t<\/div>\n\t\t\t\t<div class=\"elementor-column elementor-col-50 elementor-top-column elementor-element elementor-element-33a903f\" data-id=\"33a903f\" data-element_type=\"column\" data-e-type=\"column\">\n\t\t\t<div class=\"elementor-widget-wrap elementor-element-populated\">\n\t\t\t\t\t\t<div class=\"elementor-element elementor-element-6f67286 elementor-widget elementor-widget-text-editor\" data-id=\"6f67286\" data-element_type=\"widget\" data-e-type=\"widget\" data-widget_type=\"text-editor.default\">\n\t\t\t\t<div class=\"elementor-widget-container\">\n\t\t\t\t\t\t\t\t\t<p style=\"text-align: right;\"><em>Aktualisiert: 28\/08\/2023<\/em><\/p>\t\t\t\t\t\t\t\t<\/div>\n\t\t\t\t<\/div>\n\t\t\t\t<div class=\"elementor-element elementor-element-13decee elementor-nav-menu__align-end elementor-nav-menu--dropdown-mobile elementor-nav-menu__text-align-aside elementor-nav-menu--toggle elementor-nav-menu--burger elementor-widget elementor-widget-nav-menu\" data-id=\"13decee\" data-element_type=\"widget\" data-e-type=\"widget\" data-settings=\"{&quot;layout&quot;:&quot;vertical&quot;,&quot;submenu_icon&quot;:{&quot;value&quot;:&quot;&lt;i class=\\&quot;fas fa-caret-down\\&quot; aria-hidden=\\&quot;true\\&quot;&gt;&lt;\\\/i&gt;&quot;,&quot;library&quot;:&quot;fa-solid&quot;},&quot;toggle&quot;:&quot;burger&quot;}\" data-widget_type=\"nav-menu.default\">\n\t\t\t\t<div class=\"elementor-widget-container\">\n\t\t\t\t\t\t\t\t<nav aria-label=\"Men\u00fc\" class=\"elementor-nav-menu--main elementor-nav-menu__container elementor-nav-menu--layout-vertical e--pointer-text e--animation-shrink\">\n\t\t\t\t<ul id=\"menu-1-13decee\" class=\"elementor-nav-menu sm-vertical\"><li class=\"menu-item menu-item-type-post_type menu-item-object-page menu-item-17856\"><a href=\"https:\/\/www.lumen-care.com\/de\/katalog-ausbildungen\/ausbildung-therapeut-2\/\" class=\"elementor-item\">F\u00fcr wen, warum, wie?<\/a><\/li>\n<li class=\"menu-item menu-item-type-post_type menu-item-object-page menu-item-17859\"><a href=\"https:\/\/www.lumen-care.com\/de\/katalog-ausbildungen\/schulungsprogramm-fur-emotionale-sensibilitat\/\" class=\"elementor-item\">Programm<\/a><\/li>\n<li class=\"menu-item menu-item-type-post_type menu-item-object-page menu-item-17881\"><a href=\"https:\/\/www.lumen-care.com\/de\/ausbildung-lumen-care-die-dienste-2\/\" class=\"elementor-item\">Die Dienste<\/a><\/li>\n<li class=\"menu-item menu-item-type-post_type menu-item-object-page menu-item-17858\"><a href=\"https:\/\/www.lumen-care.com\/de\/katalog-ausbildungen\/ausbildung-therapeut\/kalender-tarife-2\/\" class=\"elementor-item\">Kalender und Preise<\/a><\/li>\n<\/ul>\t\t\t<\/nav>\n\t\t\t\t\t<div class=\"elementor-menu-toggle\" role=\"button\" tabindex=\"0\" aria-label=\"Toggle-Men\u00fc\" aria-expanded=\"false\">\n\t\t\t<i aria-hidden=\"true\" role=\"presentation\" class=\"elementor-menu-toggle__icon--open eicon-menu-bar\"><\/i><i aria-hidden=\"true\" role=\"presentation\" class=\"elementor-menu-toggle__icon--close eicon-close\"><\/i>\t\t<\/div>\n\t\t\t\t\t<nav class=\"elementor-nav-menu--dropdown elementor-nav-menu__container\" aria-hidden=\"true\">\n\t\t\t\t<ul id=\"menu-2-13decee\" class=\"elementor-nav-menu sm-vertical\"><li class=\"menu-item menu-item-type-post_type menu-item-object-page menu-item-17856\"><a href=\"https:\/\/www.lumen-care.com\/de\/katalog-ausbildungen\/ausbildung-therapeut-2\/\" class=\"elementor-item\" tabindex=\"-1\">F\u00fcr wen, warum, wie?<\/a><\/li>\n<li class=\"menu-item menu-item-type-post_type menu-item-object-page menu-item-17859\"><a href=\"https:\/\/www.lumen-care.com\/de\/katalog-ausbildungen\/schulungsprogramm-fur-emotionale-sensibilitat\/\" class=\"elementor-item\" tabindex=\"-1\">Programm<\/a><\/li>\n<li class=\"menu-item menu-item-type-post_type menu-item-object-page menu-item-17881\"><a href=\"https:\/\/www.lumen-care.com\/de\/ausbildung-lumen-care-die-dienste-2\/\" class=\"elementor-item\" tabindex=\"-1\">Die Dienste<\/a><\/li>\n<li class=\"menu-item menu-item-type-post_type menu-item-object-page menu-item-17858\"><a href=\"https:\/\/www.lumen-care.com\/de\/katalog-ausbildungen\/ausbildung-therapeut\/kalender-tarife-2\/\" class=\"elementor-item\" tabindex=\"-1\">Kalender und Preise<\/a><\/li>\n<\/ul>\t\t\t<\/nav>\n\t\t\t\t\t\t<\/div>\n\t\t\t\t<\/div>\n\t\t\t\t<div class=\"elementor-element elementor-element-5d308af elementor-button-info elementor-align-center elementor-widget elementor-widget-button\" data-id=\"5d308af\" data-element_type=\"widget\" data-e-type=\"widget\" data-widget_type=\"button.default\">\n\t\t\t\t<div class=\"elementor-widget-container\">\n\t\t\t\t\t\t\t\t\t<div class=\"elementor-button-wrapper\">\n\t\t\t\t\t<a class=\"elementor-button elementor-button-link elementor-size-sm\" href=\"https:\/\/www.lumen-care.com\/de\/ausbildung-therapeut\/voranmeldung\/\">\n\t\t\t\t\t\t<span class=\"elementor-button-content-wrapper\">\n\t\t\t\t\t\t\t\t\t<span class=\"elementor-button-text\">VORANMELDUNG AUSBILDUNG<\/span>\n\t\t\t\t\t<\/span>\n\t\t\t\t\t<\/a>\n\t\t\t\t<\/div>\n\t\t\t\t\t\t\t\t<\/div>\n\t\t\t\t<\/div>\n\t\t\t\t<div class=\"elementor-element elementor-element-9febd05 elementor-widget elementor-widget-heading\" data-id=\"9febd05\" data-element_type=\"widget\" data-e-type=\"widget\" data-widget_type=\"heading.default\">\n\t\t\t\t<div class=\"elementor-widget-container\">\n\t\t\t\t\t<h2 class=\"elementor-heading-title elementor-size-default\">Melden Sie sich an und erhalten Sie Zugang zur Masterclass \u00fcber positive emotionale Verst\u00e4rkung.<\/h2>\t\t\t\t<\/div>\n\t\t\t\t<\/div>\n\t\t\t\t<div class=\"elementor-element elementor-element-2ce80ba elementor-align-center elementor-widget elementor-widget-button\" data-id=\"2ce80ba\" data-element_type=\"widget\" data-e-type=\"widget\" data-widget_type=\"button.default\">\n\t\t\t\t<div class=\"elementor-widget-container\">\n\t\t\t\t\t\t\t\t\t<div class=\"elementor-button-wrapper\">\n\t\t\t\t\t<a class=\"elementor-button elementor-button-link elementor-size-sm\" href=\"https:\/\/www.lumen-care.com\/de\/webinar-5\/\" target=\"_blank\">\n\t\t\t\t\t\t<span class=\"elementor-button-content-wrapper\">\n\t\t\t\t\t\t<span class=\"elementor-button-icon\">\n\t\t\t\t<i aria-hidden=\"true\" class=\"fas fa-angle-right\"><\/i>\t\t\t<\/span>\n\t\t\t\t\t\t\t\t\t<span class=\"elementor-button-text\">Entdecken Sie<\/span>\n\t\t\t\t\t<\/span>\n\t\t\t\t\t<\/a>\n\t\t\t\t<\/div>\n\t\t\t\t\t\t\t\t<\/div>\n\t\t\t\t<\/div>\n\t\t\t\t\t<\/div>\n\t\t<\/div>\n\t\t\t\t\t<\/div>\n\t\t<\/section>\n\t\t\t\t<section data-particle_enable=\"false\" data-particle-mobile-disabled=\"false\" class=\"elementor-section elementor-top-section elementor-element elementor-element-fae4fea elementor-section-boxed elementor-section-height-default elementor-section-height-default\" data-id=\"fae4fea\" data-element_type=\"section\" data-e-type=\"section\">\n\t\t\t\t\t\t<div class=\"elementor-container elementor-column-gap-default\">\n\t\t\t\t\t<div class=\"elementor-column elementor-col-100 elementor-top-column elementor-element elementor-element-931d603\" data-id=\"931d603\" data-element_type=\"column\" data-e-type=\"column\">\n\t\t\t<div class=\"elementor-widget-wrap elementor-element-populated\">\n\t\t\t\t\t\t<section data-particle_enable=\"false\" data-particle-mobile-disabled=\"false\" class=\"elementor-section elementor-inner-section elementor-element elementor-element-5caa15d elementor-section-boxed elementor-section-height-default elementor-section-height-default\" data-id=\"5caa15d\" data-element_type=\"section\" data-e-type=\"section\">\n\t\t\t\t\t\t<div class=\"elementor-container elementor-column-gap-default\">\n\t\t\t\t\t<div class=\"elementor-column elementor-col-50 elementor-inner-column elementor-element elementor-element-ecc0f9e\" data-id=\"ecc0f9e\" data-element_type=\"column\" data-e-type=\"column\">\n\t\t\t<div class=\"elementor-widget-wrap\">\n\t\t\t\t\t\t\t<\/div>\n\t\t<\/div>\n\t\t\t\t<div class=\"elementor-column elementor-col-50 elementor-inner-column elementor-element elementor-element-8067939\" data-id=\"8067939\" data-element_type=\"column\" data-e-type=\"column\">\n\t\t\t<div class=\"elementor-widget-wrap elementor-element-populated\">\n\t\t\t\t\t\t<div class=\"elementor-element elementor-element-96dd3a7 elementor-align-right elementor-widget elementor-widget-button\" data-id=\"96dd3a7\" data-element_type=\"widget\" data-e-type=\"widget\" data-widget_type=\"button.default\">\n\t\t\t\t<div class=\"elementor-widget-container\">\n\t\t\t\t\t\t\t\t\t<div class=\"elementor-button-wrapper\">\n\t\t\t\t\t<a class=\"elementor-button elementor-button-link elementor-size-sm\" href=\"https:\/\/www.lumen-care.com\/de\/ausbildung-therapeut\/schulungsprogramm-fur-emotionale-sensibilitat\/\">\n\t\t\t\t\t\t<span class=\"elementor-button-content-wrapper\">\n\t\t\t\t\t\t<span class=\"elementor-button-icon\">\n\t\t\t\t<i aria-hidden=\"true\" class=\"fas fa-arrow-right\"><\/i>\t\t\t<\/span>\n\t\t\t\t\t\t\t\t\t<span class=\"elementor-button-text\">Programm<\/span>\n\t\t\t\t\t<\/span>\n\t\t\t\t\t<\/a>\n\t\t\t\t<\/div>\n\t\t\t\t\t\t\t\t<\/div>\n\t\t\t\t<\/div>\n\t\t\t\t\t<\/div>\n\t\t<\/div>\n\t\t\t\t\t<\/div>\n\t\t<\/section>\n\t\t\t\t\t<\/div>\n\t\t<\/div>\n\t\t\t\t\t<\/div>\n\t\t<\/section>\n\t\t\t\t<\/div>","protected":false},"excerpt":{"rendered":"<p>Titel:Wohlbefinden und emotionale Neuprogrammierung durch Vibrationelle Neuinformation Bitte beachten Sie: Dieser Kurs ist unabh\u00e4ngig von dem Kurs, der k\u00f6rperliche Empfindlichkeiten einschlie\u00dft, in dem die Emotionen bereits angesprochen, aber weniger vertieft werden.   Warum Sie sich weiterbilden sollten Der Umgang mit Emotionen ist f\u00fcr die meisten Menschen ein sensibles Thema Lumen Care hat [...].","protected":false},"author":1,"featured_media":0,"parent":17971,"menu_order":0,"comment_status":"closed","ping_status":"closed","template":"page-blank-title-center.php","meta":{"inline_featured_image":false,"__cvm_playback_settings":[],"__cvm_video_id":"","footnotes":""},"class_list":["post-17704","page","type-page","status-publish","hentry"],"_links":{"self":[{"href":"https:\/\/www.lumen-care.com\/de\/wp-json\/wp\/v2\/pages\/17704","targetHints":{"allow":["GET"]}}],"collection":[{"href":"https:\/\/www.lumen-care.com\/de\/wp-json\/wp\/v2\/pages"}],"about":[{"href":"https:\/\/www.lumen-care.com\/de\/wp-json\/wp\/v2\/types\/page"}],"author":[{"embeddable":true,"href":"https:\/\/www.lumen-care.com\/de\/wp-json\/wp\/v2\/users\/1"}],"replies":[{"embeddable":true,"href":"https:\/\/www.lumen-care.com\/de\/wp-json\/wp\/v2\/comments?post=17704"}],"version-history":[{"count":0,"href":"https:\/\/www.lumen-care.com\/de\/wp-json\/wp\/v2\/pages\/17704\/revisions"}],"up":[{"embeddable":true,"href":"https:\/\/www.lumen-care.com\/de\/wp-json\/wp\/v2\/pages\/17971"}],"wp:attachment":[{"href":"https:\/\/www.lumen-care.com\/de\/wp-json\/wp\/v2\/media?parent=17704"}],"curies":[{"name":"wp","href":"https:\/\/api.w.org\/{rel}","templated":true}]}}