{"id":6554,"date":"2021-03-18T13:06:29","date_gmt":"2021-03-18T12:06:29","guid":{"rendered":"https:\/\/www.lumen-care.com\/?page_id=6554"},"modified":"2025-05-16T19:52:27","modified_gmt":"2025-05-16T17:52:27","slug":"programme-2","status":"publish","type":"page","link":"https:\/\/www.lumen-care.com\/de\/katalog-ausbildungen\/programme-2\/","title":{"rendered":"Programm - K\u00f6rperliche und emotionale Sensibilit\u00e4ten"},"content":{"rendered":"<div data-elementor-type=\"wp-page\" data-elementor-id=\"6554\" class=\"elementor elementor-6554\" data-elementor-post-type=\"page\">\n\t\t\t\t\t\t<section data-particle_enable=\"false\" data-particle-mobile-disabled=\"false\" class=\"elementor-section elementor-top-section elementor-element elementor-element-6e97a836 elementor-section-boxed elementor-section-height-default elementor-section-height-default\" data-id=\"6e97a836\" data-element_type=\"section\" data-e-type=\"section\">\n\t\t\t\t\t\t<div class=\"elementor-container elementor-column-gap-default\">\n\t\t\t\t\t<div class=\"elementor-column elementor-col-50 elementor-top-column elementor-element elementor-element-70793bf8\" data-id=\"70793bf8\" data-element_type=\"column\" data-e-type=\"column\">\n\t\t\t<div class=\"elementor-widget-wrap elementor-element-populated\">\n\t\t\t\t\t\t<section data-particle_enable=\"false\" data-particle-mobile-disabled=\"false\" class=\"elementor-section elementor-inner-section elementor-element elementor-element-d8552f4 elementor-section-boxed elementor-section-height-default elementor-section-height-default\" data-id=\"d8552f4\" data-element_type=\"section\" data-e-type=\"section\">\n\t\t\t\t\t\t<div class=\"elementor-container elementor-column-gap-default\">\n\t\t\t\t\t<div class=\"elementor-column elementor-col-100 elementor-inner-column elementor-element elementor-element-71289ec\" data-id=\"71289ec\" data-element_type=\"column\" data-e-type=\"column\">\n\t\t\t<div class=\"elementor-widget-wrap elementor-element-populated\">\n\t\t\t\t\t\t<div class=\"elementor-element elementor-element-0ad365f elementor-widget elementor-widget-text-editor\" data-id=\"0ad365f\" data-element_type=\"widget\" data-e-type=\"widget\" data-widget_type=\"text-editor.default\">\n\t\t\t\t<div class=\"elementor-widget-container\">\n\t\t\t\t\t\t\t\t\t<p style=\"text-align: center;\"><span style=\"color: #e14d43;\"><b>Achtung: neue Formel seit September 2024<\/b><\/span><\/p><h2 style=\"color: #00aae7;\"><b>Detailliertes Programm <\/b><\/h2><h3>\"Deprogramming sensitivities and intolerances with the Lumen Care method\" (Empfindlichkeiten und Unvertr\u00e4glichkeiten mit der Lumen-Care-Methode deprogrammieren)<\/h3><p><i><span style=\"font-weight: 400;\">Nach Abschluss dieses Kurses ist der Teilnehmer\/die Teilnehmerin zertifiziert in Lumen Care Vibrational Reinformation.<\/span><\/i><\/p><p><span style=\"color: #00aae7;\"><b>GESAMTDAUER DER AUSBILDUNG :<\/b><\/span> <b><i>\u00a060h in 5 Monaten<\/i><\/b><\/p><p><span style=\"color: #00aae7;\"><b>BILDUNGSINHALTE :<\/b><\/span><\/p><ol><li style=\"font-weight: 400;\" aria-level=\"1\"><b>MODUL 1 - PHYSIKALISCHE Sensibilit\u00e4ten - WE von 2,5 Tagen<\/b><ol><li style=\"font-weight: 400;\" aria-level=\"2\"><b>Freitag Abend<\/b><ol><li style=\"font-weight: 400;\" aria-level=\"3\"><span style=\"font-weight: 400;\">Praxis des Pendeltests<\/span><\/li><li style=\"font-weight: 400;\" aria-level=\"3\"><span style=\"font-weight: 400;\">Die Sensitivit\u00e4tsraten<\/span><\/li><li style=\"font-weight: 400;\" aria-level=\"3\"><span style=\"font-weight: 400;\">Prinzipien der Fragestellung und Absicht<\/span><\/li><li style=\"font-weight: 400;\" aria-level=\"3\"><span style=\"font-weight: 400;\">\u00dcbungen aus dem Testkit<br \/><br \/><\/span><\/li><\/ol><\/li><li style=\"font-weight: 400;\" aria-level=\"2\"><b>Samstag\u00a0<\/b><ol><li style=\"font-weight: 400;\" aria-level=\"3\"><span style=\"font-weight: 400;\">Erinnerung an die Grundbegriffe<\/span><\/li><li style=\"font-weight: 400;\" aria-level=\"3\"><span style=\"font-weight: 400;\">Die ARS-Verd\u00fcnnungen<\/span><\/li><li style=\"font-weight: 400;\" aria-level=\"3\"><span style=\"font-weight: 400;\">Die Effluenzen<\/span><\/li><li style=\"font-weight: 400;\" aria-level=\"3\"><span style=\"font-weight: 400;\">Die Vortests: Emotionale Blockade<\/span><\/li><li style=\"font-weight: 400;\" aria-level=\"3\"><span style=\"font-weight: 400;\">\u00dcbungen aus dem Testkit<\/span><\/li><li style=\"font-weight: 400;\" aria-level=\"3\"><span style=\"font-weight: 400;\">Demo der Verbatim-Software<\/span><\/li><li aria-level=\"3\">\u00dcbungen<br \/><br \/><\/li><\/ol><\/li><li style=\"font-weight: 400;\" aria-level=\"2\"><b>Sonntag<\/b><ol><li style=\"font-weight: 400;\" aria-level=\"3\"><span style=\"font-weight: 400;\">Das Vorgespr\u00e4ch<\/span><\/li><li style=\"font-weight: 400;\" aria-level=\"3\"><span style=\"font-weight: 400;\">Die Vortests<\/span><ol><li style=\"font-weight: 400;\" aria-level=\"4\"><span style=\"font-weight: 400;\">Geistige Blockade<\/span><\/li><li style=\"font-weight: 400;\" aria-level=\"4\"><span style=\"font-weight: 400;\">Organische Umkehrung<\/span><\/li><li style=\"font-weight: 400;\" aria-level=\"4\"><span style=\"font-weight: 400;\">Emotionale Umkehrung<\/span><\/li><\/ol><\/li><li style=\"font-weight: 400;\" aria-level=\"3\"><span style=\"font-weight: 400;\">Verwendung des R\u00fcckstauverhinderungskegels<\/span><\/li><li style=\"font-weight: 400;\" aria-level=\"3\"><span style=\"font-weight: 400;\">Anaphylaxie, Zulassungen<\/span><\/li><li style=\"font-weight: 400;\" aria-level=\"3\"><span style=\"font-weight: 400;\">Organisation von Reagenzien<\/span><\/li><li style=\"font-weight: 400;\" aria-level=\"3\"><span style=\"font-weight: 400;\">\u00dcbungen<\/span><\/li><li style=\"font-weight: 400;\" aria-level=\"3\"><span style=\"font-weight: 400;\">Gebrauchsanweisung f\u00fcr die Pflege<\/span><\/li><li style=\"font-weight: 400;\" aria-level=\"3\"><span style=\"font-weight: 400;\">Fernbehandlungen\/Tiere<\/span><\/li><li style=\"font-weight: 400;\" aria-level=\"3\"><span style=\"font-weight: 400;\">Beschreibung des Lumen Care Reagenzienkatalogs<\/span><\/li><li style=\"font-weight: 400;\" aria-level=\"3\"><span style=\"font-weight: 400;\">Lumen Care Practitioner sein - die Mitgliedschaft<br \/><br \/><\/span><\/li><\/ol><\/li><\/ol><\/li><li style=\"font-weight: 400;\" aria-level=\"1\"><b>MODUL 2 - EMOTIONALE Sensibilit\u00e4ten - 2-t\u00e4giges WE<\/b><ol><li style=\"font-weight: 400;\" aria-level=\"2\"><b>Samstagmorgen<\/b><ol><li style=\"font-weight: 400;\" aria-level=\"3\"><span style=\"font-weight: 400;\">Erinnerungen<\/span><\/li><li style=\"font-weight: 400;\" aria-level=\"3\"><span style=\"font-weight: 400;\">Vorlage von Bilanzen<\/span><\/li><li style=\"font-weight: 400;\" aria-level=\"3\"><span style=\"font-weight: 400;\">Die Validierung am Ende des Protokolls<\/span><\/li><li style=\"font-weight: 400;\" aria-level=\"3\"><span style=\"font-weight: 400;\">Reagenzienverdacht schon im Vorstellungsgespr\u00e4ch antizipieren<\/span><\/li><\/ol><\/li><li style=\"font-weight: 400;\" aria-level=\"2\"><b>Samstagnachmittag<\/b><ol><li style=\"font-weight: 400;\" aria-level=\"3\"><span style=\"font-weight: 400;\">Biologische Entschl\u00fcsselung: Die 5 Hamerschen Gesetze<\/span><\/li><li style=\"font-weight: 400;\" aria-level=\"3\"><span style=\"font-weight: 400;\">Entdeckung der Effluenzen<\/span><\/li><li style=\"font-weight: 400;\" aria-level=\"3\"><span style=\"font-weight: 400;\">Emotionen verschl\u00fcsseln: Radionik und das Ged\u00e4chtnis des Wassers<\/span><\/li><li style=\"font-weight: 400;\" aria-level=\"3\"><span style=\"font-weight: 400;\">Der Begriff des Terrains in Bezug auf Emotionen und \u00dcberempfindlichkeit<\/span><\/li><li style=\"font-weight: 400;\" aria-level=\"3\"><span style=\"font-weight: 400;\">Positive Verst\u00e4rkung<\/span><\/li><li style=\"font-weight: 400;\" aria-level=\"3\"><span style=\"font-weight: 400;\">Emotionale Verd\u00fcnnungen<\/span><\/li><\/ol><\/li><li style=\"font-weight: 400;\" aria-level=\"2\"><b>Sonntagmorgen<\/b><ol><li style=\"font-weight: 400;\" aria-level=\"3\"><span style=\"font-weight: 400;\">Der Selbsttest<\/span><\/li><li style=\"font-weight: 400;\" aria-level=\"3\"><span style=\"font-weight: 400;\">Ein emotionales Problem begr\u00fc\u00dfen<\/span><\/li><li style=\"font-weight: 400;\" aria-level=\"3\"><span style=\"font-weight: 400;\">Die Problematik in ein positives Ziel umwandeln<\/span><\/li><li style=\"font-weight: 400;\" aria-level=\"3\"><span style=\"font-weight: 400;\">Testen von Effluenzen<\/span><\/li><li style=\"font-weight: 400;\" aria-level=\"3\"><span style=\"font-weight: 400;\">Demonstration einer Konsultation<\/span><\/li><li style=\"font-weight: 400;\" aria-level=\"3\"><span style=\"font-weight: 400;\">Verbatim-Software: Die Erstellung von Reagenzien<\/span><\/li><\/ol><\/li><li style=\"font-weight: 400;\" aria-level=\"2\"><b>Sonntagnachmittag<\/b><ol><li style=\"font-weight: 400;\" aria-level=\"3\"><span style=\"font-weight: 400;\">Der Effluence-Katalog<\/span><\/li><li style=\"font-weight: 400;\" aria-level=\"3\"><span style=\"font-weight: 400;\">Praktische \u00dcbungen an Meerschweinchen<\/span><\/li><li style=\"font-weight: 400;\" aria-level=\"3\"><span style=\"font-weight: 400;\">Kontrolle von Begriffen<\/span><\/li><\/ol><\/li><\/ol><\/li><li style=\"font-weight: 400;\" aria-level=\"1\"><b>MODUL 3 - Blockaden, Vertiefungen und Zertifizierung - 2-t\u00e4giges WE<\/b><ol><li style=\"font-weight: 400;\" aria-level=\"2\"><b>Samstagmorgen<\/b><ol><li style=\"font-weight: 400;\" aria-level=\"3\"><span style=\"font-weight: 400;\">Revisionen<\/span><\/li><li style=\"font-weight: 400;\" aria-level=\"3\"><span style=\"font-weight: 400;\">\u00dcbungen oder Pr\u00e4sentation von Fallbeispielen<\/span><\/li><\/ol><\/li><li style=\"font-weight: 400;\" aria-level=\"2\"><b>Samstagnachmittag<\/b><ol><li style=\"font-weight: 400;\" aria-level=\"3\"><span style=\"font-weight: 400;\">Blockaden beim Test<\/span><\/li><li style=\"font-weight: 400;\" aria-level=\"3\"><span style=\"font-weight: 400;\">Blockaden bei der Behandlung<\/span><\/li><li style=\"font-weight: 400;\" aria-level=\"3\"><span style=\"font-weight: 400;\">\u00dcbernahme des Katalogs und der Reagenz-\/Symptom-Links<\/span><\/li><\/ol><\/li><li style=\"font-weight: 400;\" aria-level=\"2\"><b>Sonntag Morgen<\/b><ol><li style=\"font-weight: 400;\" aria-level=\"3\"><span style=\"font-weight: 400;\">Wie Sie die Lumen-Care-Methode f\u00fcr ein dauerhaftes Gesch\u00e4ft entwickeln k\u00f6nnen.<\/span><\/li><li style=\"font-weight: 400;\" aria-level=\"3\"><span style=\"font-weight: 400;\">Helfen Sie den Teilnehmern, einen Aktionsplan zu erstellen, um ihre F\u00e4higkeiten nach dem Training weiter zu entwickeln.<\/span><\/li><li style=\"font-weight: 400;\" aria-level=\"3\"><span style=\"font-weight: 400;\">Ethik und Berufsethos: Gute Praxis und Verantwortung des Lumen-Care-Praktizierenden.<\/span><\/li><\/ol><\/li><li style=\"font-weight: 400;\" aria-level=\"2\"><b>Sonntagnachmittag<\/b><ol><li style=\"font-weight: 400;\" aria-level=\"3\"><span style=\"font-weight: 400;\">Kontrolle von Begriffen<\/span><\/li><li style=\"font-weight: 400;\" aria-level=\"3\"><span style=\"font-weight: 400;\">Praktische \u00dcbungen<\/span><\/li><\/ol><\/li><\/ol><\/li><li style=\"font-weight: 400;\" aria-level=\"1\"><b>Erg\u00e4nzende MODULEN<\/b><ol><li style=\"font-weight: 400;\" aria-level=\"2\"><b>E-Learning<\/b><ol><li style=\"font-weight: 400;\" aria-level=\"3\"><span style=\"font-weight: 400;\">THEORIE UND PRINZIPIEN<\/span><ol><li style=\"font-weight: 400;\" aria-level=\"4\"><span style=\"font-weight: 400;\">Geschichte, Das Ged\u00e4chtnis des Wassers<\/span><\/li><li style=\"font-weight: 400;\" aria-level=\"4\"><span style=\"font-weight: 400;\">Empfindlichkeiten, Intoleranzen und Hypersensibilit\u00e4ten<\/span><\/li><li style=\"font-weight: 400;\" aria-level=\"4\"><span style=\"font-weight: 400;\">Verst\u00e4ndnis des Ph\u00e4nomens auf physischer und emotionaler Ebene<\/span><\/li><li style=\"font-weight: 400;\" aria-level=\"4\"><span style=\"font-weight: 400;\">Energietherapie, Vibrationstherapie: Radionik<\/span><\/li><\/ol><\/li><li style=\"font-weight: 400;\" aria-level=\"3\"><span style=\"font-weight: 400;\">REVISIONS COURS EN REPLAY<\/span><ol><li style=\"font-weight: 400;\" aria-level=\"4\"><span style=\"font-weight: 400;\">Wiederholungsvideos zu allen Kursen<\/span><\/li><\/ol><\/li><\/ol><\/li><li style=\"font-weight: 400;\" aria-level=\"2\"><b>5 Sitzungen praktischer Workshops in der Gruppe - synchroner Fernunterricht<\/b><ol><li style=\"font-weight: 400;\" aria-level=\"3\"><span style=\"font-weight: 400;\">Pr\u00e4sentationen von Kundenf\u00e4llen<\/span><\/li><li style=\"font-weight: 400;\" aria-level=\"3\"><span style=\"font-weight: 400;\">Fragen\/Antworten<\/span><\/li><\/ol><\/li><li style=\"font-weight: 400;\" aria-level=\"2\"><b>2 Termine f\u00fcr individuelle Begleitung - Synchrones Fernstudium<\/b><ol><li style=\"font-weight: 400;\" aria-level=\"3\"><span style=\"font-weight: 400;\">Bewertungen und Positionierung<\/span><\/li><li style=\"font-weight: 400;\" aria-level=\"3\"><span style=\"font-weight: 400;\">Fragen\/Antworten<\/span><\/li><\/ol><\/li><\/ol><\/li><\/ol><div><ul><li style=\"list-style-type: none;\">\u00a0<\/li><\/ul><\/div>\t\t\t\t\t\t\t\t<\/div>\n\t\t\t\t<\/div>\n\t\t\t\t<div class=\"elementor-element elementor-element-25e24ef elementor-widget elementor-widget-text-editor\" data-id=\"25e24ef\" data-element_type=\"widget\" data-e-type=\"widget\" data-widget_type=\"text-editor.default\">\n\t\t\t\t<div class=\"elementor-widget-container\">\n\t\t\t\t\t\t\t\t\t<ul><li style=\"list-style-type: none;\">\u00a0<\/li><\/ul><h2><span style=\"color: #00aae7;\"><b>P\u00e4dagogisches Team<\/b><\/span><\/h2><ul><li style=\"list-style-type: none;\"><ul><li><span style=\"font-weight: 400;\">Olivier Coen<br \/><\/span><\/li><\/ul><\/li><\/ul><h2><span style=\"color: #00aae7;\"><b>P\u00e4dagogische und technische Mittel<\/b><\/span><\/h2><ul><li style=\"list-style-type: none;\"><ul><li style=\"font-weight: 400;\" aria-level=\"1\"><span style=\"font-weight: 400;\">Empfang der Praktikantinnen und Praktikanten in einem eigens f\u00fcr die Ausbildung vorgesehenen Raum.<\/span><\/li><li style=\"font-weight: 400;\" aria-level=\"1\"><span style=\"font-weight: 400;\">Dokumente, projizierte Lernmaterialien.<\/span><\/li><li style=\"font-weight: 400;\" aria-level=\"1\"><span style=\"font-weight: 400;\">Theoretische Vortr\u00e4ge<\/span><\/li><li style=\"font-weight: 400;\" aria-level=\"1\"><span style=\"font-weight: 400;\">Konkrete Fallstudien<\/span><\/li><li style=\"font-weight: 400;\" aria-level=\"1\"><span style=\"font-weight: 400;\">Quiz im Saal<\/span><\/li><li style=\"font-weight: 400;\" aria-level=\"1\"><span style=\"font-weight: 400;\">Online-Bereitstellung von unterst\u00fctzenden Dokumenten im Anschluss an den Kurs.<\/span><\/li><li style=\"font-weight: 400;\" aria-level=\"1\"><span style=\"font-weight: 400;\">Bereitstellung eines Test Practice Kits mit 144 Reagenzien<\/span><\/li><\/ul><\/li><\/ul><h2><span style=\"color: #00aae7;\"><b>Vorkehrungen zur Bewertung der Lernergebnisse<\/b><\/span><\/h2><ul><li style=\"list-style-type: none;\"><ul><li style=\"font-weight: 400;\" aria-level=\"1\"><span style=\"font-weight: 400;\">Anwesenheitslisten.<\/span><\/li><li style=\"font-weight: 400;\" aria-level=\"1\"><span style=\"font-weight: 400;\">M\u00fcndliche oder schriftliche Fragen (Multiple Choice).<\/span><\/li><li style=\"font-weight: 400;\" aria-level=\"1\"><span style=\"font-weight: 400;\">Situationsbezogene \u00dcbungen.<\/span><\/li><li style=\"font-weight: 400;\" aria-level=\"1\"><span style=\"font-weight: 400;\">Formulare zur Bewertung der Ausbildung.<\/span><\/li><li style=\"font-weight: 400;\" aria-level=\"1\"><span style=\"font-weight: 400;\">Bewertungsbericht der Fallbeispiele<\/span><\/li><li style=\"font-weight: 400;\" aria-level=\"1\"><span style=\"font-weight: 400;\">Zertifizierungspr\u00fcfung\u00a0<\/span><\/li><\/ul><\/li><\/ul><div><h2><span style=\"color: #00aae7;\"><b>Praktische Informationen zu den Bildungswochenenden<\/b><\/span><\/h2><p><b>Modalit\u00e4ten<\/b><span style=\"font-weight: 400;\"> : <\/span><b>Als Fernunterricht oder in Form von Pr\u00e4senzunterricht.<\/b><\/p><p><b>Dauer<\/b><span style=\"font-weight: 400;\"> : 3 Wochenenden \u00e0 2 Tage, 7 Stunden pro Tag.<\/span><\/p><p><b>Orte<\/b><span style=\"font-weight: 400;\"> : si pr\u00e9sentiel : Carpentras (84) - Siehe Kalender<\/span><span style=\"font-weight: 400;\">\u00a0<\/span><\/p><p><b>\u00d6ffnungszeiten<\/b><span style=\"font-weight: 400;\"> : Samstag\/Sonntag: 10.00-13.00 Uhr und 14.00-18.00 Uhr.\u00a0<\/span><\/p><p><b>Sprecher<\/b><span style=\"font-weight: 400;\"> :<\/span><a href=\"https:\/\/www.lumen-care.com\/de\/olivier-coen\/\"> <span style=\"font-weight: 400;\">Olivier Coen<\/span><\/a><span style=\"font-weight: 400;\"> (Sch\u00f6pfer der Methode)<br \/><\/span><\/p><p><b>Anzahl der Teilnehmer<\/b><span style=\"font-weight: 400;\"> : mindestens 6 - maximal 14 in Pr\u00e4senz und 10 in Fernlehre.<\/span><\/p><p><b>P\u00e4dagogische Methode<\/b><span style=\"font-weight: 400;\"> : Abwechselnd theoretische Teile und praktische \u00dcbungen in Zweiergruppen.<\/span><span style=\"font-weight: 400;\">\u00a0<\/span><\/p><h2><span style=\"color: #00aae7;\"><b>Modalit\u00e4ten des Fernunterrichts<\/b><\/span><\/h2><p><span style=\"font-weight: 400;\">Die Fernsitzungen werden als interaktive Videokonferenzen abgehalten. <\/span><b>in Echtzeit<\/b><span style=\"font-weight: 400;\">.<\/span><\/p><p><span style=\"font-weight: 400;\">Sie m\u00fcssen unbedingt \u00fcber einen <\/span><b>Computer mit Kamera und Mikrofon und eine Breitband-Internetverbindung<\/b><span style=\"font-weight: 400;\">.<\/span><\/p><p><span style=\"font-weight: 400;\">Der Unterricht findet vollst\u00e4ndig so statt, als ob Sie an einer Pr\u00e4senzveranstaltung teilnehmen w\u00fcrden. Sie verpflichten sich also, zu sein <\/span><b>w\u00e4hrend der Unterrichtszeit vollkommen verf\u00fcgbar, ohne Gefahr zu laufen, gest\u00f6rt zu werden<\/b><span style=\"font-weight: 400;\">.<\/span><\/p><p><b>Praktische \u00dcbungen : <\/b><span style=\"font-weight: 400;\">Ein wesentlicher Punkt der Ausbildung ist die Zeit f\u00fcr praktische \u00dcbungen zu den Sensibilit\u00e4tstests. Dies stellt daher die gr\u00f6\u00dfte Schwierigkeit f\u00fcr den Fernunterricht dar. Hier die m\u00f6glichen Modalit\u00e4ten :<\/span><\/p><ul><li style=\"list-style-type: none;\"><ul><li style=\"font-weight: 400;\" aria-level=\"1\"><span style=\"font-weight: 400;\">Durchf\u00fchrung von Ferntests mit den anderen Teilnehmern des Kurses<\/span><\/li><li style=\"font-weight: 400;\" aria-level=\"1\"><span style=\"font-weight: 400;\">Nehmen Sie mit mindestens zwei Personen im selben Raum am Training teil, damit Sie sich gegenseitig trainieren k\u00f6nnen.<\/span><\/li><li style=\"font-weight: 400;\" aria-level=\"1\"><span style=\"font-weight: 400;\">Verf\u00fcgen Sie \u00fcber \"Versuchskaninchen\", die w\u00e4hrend der 1 bis 1,5 Stunden dauernden praktischen \u00dcbungen zur Verf\u00fcgung stehen.<\/span><\/li><\/ul><\/li><\/ul><\/div>\t\t\t\t\t\t\t\t<\/div>\n\t\t\t\t<\/div>\n\t\t\t\t\t<\/div>\n\t\t<\/div>\n\t\t\t\t\t<\/div>\n\t\t<\/section>\n\t\t\t\t\t<\/div>\n\t\t<\/div>\n\t\t\t\t<div class=\"elementor-column elementor-col-50 elementor-top-column elementor-element elementor-element-4f847f8\" data-id=\"4f847f8\" data-element_type=\"column\" data-e-type=\"column\">\n\t\t\t<div class=\"elementor-widget-wrap elementor-element-populated\">\n\t\t\t\t\t\t<div class=\"elementor-element elementor-element-4317631 elementor-widget elementor-widget-text-editor\" data-id=\"4317631\" data-element_type=\"widget\" data-e-type=\"widget\" data-widget_type=\"text-editor.default\">\n\t\t\t\t<div class=\"elementor-widget-container\">\n\t\t\t\t\t\t\t\t\t<p style=\"text-align: right;\"><em>Aktualisiert: 13\/02\/2024<\/em><\/p><p>\u00a0<\/p>\t\t\t\t\t\t\t\t<\/div>\n\t\t\t\t<\/div>\n\t\t\t\t<div class=\"elementor-element elementor-element-75d6a76 elementor-nav-menu__align-end elementor-nav-menu--dropdown-mobile elementor-nav-menu__text-align-aside elementor-nav-menu--toggle elementor-nav-menu--burger elementor-widget elementor-widget-nav-menu\" data-id=\"75d6a76\" data-element_type=\"widget\" data-e-type=\"widget\" data-settings=\"{&quot;layout&quot;:&quot;vertical&quot;,&quot;submenu_icon&quot;:{&quot;value&quot;:&quot;&lt;i class=\\&quot;fas fa-caret-down\\&quot; aria-hidden=\\&quot;true\\&quot;&gt;&lt;\\\/i&gt;&quot;,&quot;library&quot;:&quot;fa-solid&quot;},&quot;toggle&quot;:&quot;burger&quot;}\" data-widget_type=\"nav-menu.default\">\n\t\t\t\t<div class=\"elementor-widget-container\">\n\t\t\t\t\t\t\t\t<nav aria-label=\"Men\u00fc\" class=\"elementor-nav-menu--main elementor-nav-menu__container elementor-nav-menu--layout-vertical e--pointer-text e--animation-shrink\">\n\t\t\t\t<ul id=\"menu-1-75d6a76\" class=\"elementor-nav-menu sm-vertical\"><li class=\"menu-item menu-item-type-custom menu-item-object-custom menu-item-9359\"><a href=\"https:\/\/www.lumen-care.com\/de\/deroulement-de-la-formation-de-la-methode-lumen-care\/\" class=\"elementor-item\">F\u00fcr wen, warum, wie?<\/a><\/li>\n<li class=\"menu-item menu-item-type-post_type menu-item-object-page menu-item-6646\"><a href=\"https:\/\/www.lumen-care.com\/de\/katalog-ausbildungen\/programme-2\/\" class=\"elementor-item\">Programm<\/a><\/li>\n<li class=\"menu-item menu-item-type-custom menu-item-object-custom menu-item-9354\"><a href=\"https:\/\/www.lumen-care.com\/de\/ausbildung-lumen-care-die-dienste\/\" class=\"elementor-item\">Die Dienste<\/a><\/li>\n<li class=\"menu-item menu-item-type-post_type menu-item-object-page menu-item-6645\"><a href=\"https:\/\/www.lumen-care.com\/de\/katalog-ausbildungen\/kalender-tarife\/\" class=\"elementor-item\">Kalender und Preise<\/a><\/li>\n<li class=\"menu-item menu-item-type-post_type menu-item-object-page menu-item-6644\"><a href=\"https:\/\/www.lumen-care.com\/de\/katalog-ausbildungen\/ausbildung-therapeut\/temoignages-therapeutes\/\" class=\"elementor-item\">Erfahrungsberichte<\/a><\/li>\n<\/ul>\t\t\t<\/nav>\n\t\t\t\t\t<div class=\"elementor-menu-toggle\" role=\"button\" tabindex=\"0\" aria-label=\"Toggle-Men\u00fc\" aria-expanded=\"false\">\n\t\t\t<i aria-hidden=\"true\" role=\"presentation\" class=\"elementor-menu-toggle__icon--open eicon-menu-bar\"><\/i><i aria-hidden=\"true\" role=\"presentation\" class=\"elementor-menu-toggle__icon--close eicon-close\"><\/i>\t\t<\/div>\n\t\t\t\t\t<nav class=\"elementor-nav-menu--dropdown elementor-nav-menu__container\" aria-hidden=\"true\">\n\t\t\t\t<ul id=\"menu-2-75d6a76\" class=\"elementor-nav-menu sm-vertical\"><li class=\"menu-item menu-item-type-custom menu-item-object-custom menu-item-9359\"><a href=\"https:\/\/www.lumen-care.com\/de\/deroulement-de-la-formation-de-la-methode-lumen-care\/\" class=\"elementor-item\" tabindex=\"-1\">F\u00fcr wen, warum, wie?<\/a><\/li>\n<li class=\"menu-item menu-item-type-post_type menu-item-object-page menu-item-6646\"><a href=\"https:\/\/www.lumen-care.com\/de\/katalog-ausbildungen\/programme-2\/\" class=\"elementor-item\" tabindex=\"-1\">Programm<\/a><\/li>\n<li class=\"menu-item menu-item-type-custom menu-item-object-custom menu-item-9354\"><a href=\"https:\/\/www.lumen-care.com\/de\/ausbildung-lumen-care-die-dienste\/\" class=\"elementor-item\" tabindex=\"-1\">Die Dienste<\/a><\/li>\n<li class=\"menu-item menu-item-type-post_type menu-item-object-page menu-item-6645\"><a href=\"https:\/\/www.lumen-care.com\/de\/katalog-ausbildungen\/kalender-tarife\/\" class=\"elementor-item\" tabindex=\"-1\">Kalender und Preise<\/a><\/li>\n<li class=\"menu-item menu-item-type-post_type menu-item-object-page menu-item-6644\"><a href=\"https:\/\/www.lumen-care.com\/de\/katalog-ausbildungen\/ausbildung-therapeut\/temoignages-therapeutes\/\" class=\"elementor-item\" tabindex=\"-1\">Erfahrungsberichte<\/a><\/li>\n<\/ul>\t\t\t<\/nav>\n\t\t\t\t\t\t<\/div>\n\t\t\t\t<\/div>\n\t\t\t\t<div class=\"elementor-element elementor-element-53b634d elementor-button-info elementor-align-center elementor-widget elementor-widget-button\" data-id=\"53b634d\" data-element_type=\"widget\" data-e-type=\"widget\" data-widget_type=\"button.default\">\n\t\t\t\t<div class=\"elementor-widget-container\">\n\t\t\t\t\t\t\t\t\t<div class=\"elementor-button-wrapper\">\n\t\t\t\t\t<a class=\"elementor-button elementor-button-link elementor-size-sm\" href=\"https:\/\/www.lumen-care.com\/de\/ausbildung-therapeut\/voranmeldung\/\">\n\t\t\t\t\t\t<span class=\"elementor-button-content-wrapper\">\n\t\t\t\t\t\t\t\t\t<span class=\"elementor-button-text\">VORANMELDUNG AUSBILDUNG<\/span>\n\t\t\t\t\t<\/span>\n\t\t\t\t\t<\/a>\n\t\t\t\t<\/div>\n\t\t\t\t\t\t\t\t<\/div>\n\t\t\t\t<\/div>\n\t\t\t\t<div class=\"elementor-element elementor-element-ddc1e24 elementor-widget elementor-widget-heading\" data-id=\"ddc1e24\" data-element_type=\"widget\" data-e-type=\"widget\" data-widget_type=\"heading.default\">\n\t\t\t\t<div class=\"elementor-widget-container\">\n\t\t\t\t\t<h2 class=\"elementor-heading-title elementor-size-default\">Melden Sie sich an und erhalten Sie Zugang zur Masterclass \u00fcber die\nLumen Care Methode<\/h2>\t\t\t\t<\/div>\n\t\t\t\t<\/div>\n\t\t\t\t<div class=\"elementor-element elementor-element-edc42b3 elementor-align-center elementor-widget elementor-widget-button\" data-id=\"edc42b3\" data-element_type=\"widget\" data-e-type=\"widget\" data-widget_type=\"button.default\">\n\t\t\t\t<div class=\"elementor-widget-container\">\n\t\t\t\t\t\t\t\t\t<div class=\"elementor-button-wrapper\">\n\t\t\t\t\t<a class=\"elementor-button elementor-button-link elementor-size-sm\" href=\"https:\/\/www.lumen-care.com\/de\/webinar-2\/\" target=\"_blank\">\n\t\t\t\t\t\t<span class=\"elementor-button-content-wrapper\">\n\t\t\t\t\t\t<span class=\"elementor-button-icon\">\n\t\t\t\t<i aria-hidden=\"true\" class=\"fas fa-angle-right\"><\/i>\t\t\t<\/span>\n\t\t\t\t\t\t\t\t\t<span class=\"elementor-button-text\">Entdecken Sie<\/span>\n\t\t\t\t\t<\/span>\n\t\t\t\t\t<\/a>\n\t\t\t\t<\/div>\n\t\t\t\t\t\t\t\t<\/div>\n\t\t\t\t<\/div>\n\t\t\t\t\t<\/div>\n\t\t<\/div>\n\t\t\t\t\t<\/div>\n\t\t<\/section>\n\t\t\t\t<section data-particle_enable=\"false\" data-particle-mobile-disabled=\"false\" class=\"elementor-section elementor-top-section elementor-element elementor-element-9237208 elementor-section-boxed elementor-section-height-default elementor-section-height-default\" data-id=\"9237208\" data-element_type=\"section\" data-e-type=\"section\">\n\t\t\t\t\t\t<div class=\"elementor-container elementor-column-gap-default\">\n\t\t\t\t\t<div class=\"elementor-column elementor-col-100 elementor-top-column elementor-element elementor-element-bb552b0\" data-id=\"bb552b0\" data-element_type=\"column\" data-e-type=\"column\">\n\t\t\t<div class=\"elementor-widget-wrap elementor-element-populated\">\n\t\t\t\t\t\t<section data-particle_enable=\"false\" data-particle-mobile-disabled=\"false\" class=\"elementor-section elementor-inner-section elementor-element elementor-element-6cc900e elementor-section-boxed elementor-section-height-default elementor-section-height-default\" data-id=\"6cc900e\" data-element_type=\"section\" data-e-type=\"section\">\n\t\t\t\t\t\t<div class=\"elementor-container elementor-column-gap-default\">\n\t\t\t\t\t<div class=\"elementor-column elementor-col-50 elementor-inner-column elementor-element elementor-element-36e541f\" data-id=\"36e541f\" data-element_type=\"column\" data-e-type=\"column\">\n\t\t\t<div class=\"elementor-widget-wrap elementor-element-populated\">\n\t\t\t\t\t\t<div class=\"elementor-element elementor-element-f03b7c4 elementor-align-left elementor-widget elementor-widget-button\" data-id=\"f03b7c4\" data-element_type=\"widget\" data-e-type=\"widget\" data-widget_type=\"button.default\">\n\t\t\t\t<div class=\"elementor-widget-container\">\n\t\t\t\t\t\t\t\t\t<div class=\"elementor-button-wrapper\">\n\t\t\t\t\t<a class=\"elementor-button elementor-button-link elementor-size-sm\" href=\"https:\/\/www.lumen-care.com\/de\/deroulement-de-la-formation-de-la-methode-lumen-care\/\">\n\t\t\t\t\t\t<span class=\"elementor-button-content-wrapper\">\n\t\t\t\t\t\t<span class=\"elementor-button-icon\">\n\t\t\t\t<i aria-hidden=\"true\" class=\"fas fa-arrow-left\"><\/i>\t\t\t<\/span>\n\t\t\t\t\t\t\t\t\t<span class=\"elementor-button-text\">Die Module<\/span>\n\t\t\t\t\t<\/span>\n\t\t\t\t\t<\/a>\n\t\t\t\t<\/div>\n\t\t\t\t\t\t\t\t<\/div>\n\t\t\t\t<\/div>\n\t\t\t\t\t<\/div>\n\t\t<\/div>\n\t\t\t\t<div class=\"elementor-column elementor-col-50 elementor-inner-column elementor-element elementor-element-5313d55\" data-id=\"5313d55\" data-element_type=\"column\" data-e-type=\"column\">\n\t\t\t<div class=\"elementor-widget-wrap elementor-element-populated\">\n\t\t\t\t\t\t<div class=\"elementor-element elementor-element-25e6c41 elementor-align-right elementor-widget elementor-widget-button\" data-id=\"25e6c41\" data-element_type=\"widget\" data-e-type=\"widget\" data-widget_type=\"button.default\">\n\t\t\t\t<div class=\"elementor-widget-container\">\n\t\t\t\t\t\t\t\t\t<div class=\"elementor-button-wrapper\">\n\t\t\t\t\t<a class=\"elementor-button elementor-button-link elementor-size-sm\" href=\"https:\/\/www.lumen-care.com\/de\/ausbildung-lumen-care-die-dienste\/\">\n\t\t\t\t\t\t<span class=\"elementor-button-content-wrapper\">\n\t\t\t\t\t\t<span class=\"elementor-button-icon\">\n\t\t\t\t<i aria-hidden=\"true\" class=\"fas fa-arrow-right\"><\/i>\t\t\t<\/span>\n\t\t\t\t\t\t\t\t\t<span class=\"elementor-button-text\">Die Dienste<\/span>\n\t\t\t\t\t<\/span>\n\t\t\t\t\t<\/a>\n\t\t\t\t<\/div>\n\t\t\t\t\t\t\t\t<\/div>\n\t\t\t\t<\/div>\n\t\t\t\t\t<\/div>\n\t\t<\/div>\n\t\t\t\t\t<\/div>\n\t\t<\/section>\n\t\t\t\t\t<\/div>\n\t\t<\/div>\n\t\t\t\t\t<\/div>\n\t\t<\/section>\n\t\t\t\t<\/div>","protected":false},"excerpt":{"rendered":"<p>Achtung: neue Formel seit September 2024 Detailliertes Programm \"Deprogrammierung von Sensibilit\u00e4ten und Intoleranzen mit der Lumen Care Methode\" Nach Abschluss dieses Kurses wird der\/die Kursteilnehmer\/in als Lumen Care Vibrational Re-Information zertifiziert. GESAMTDAUER DER AUSBILDUNG: 60h \u00fcber 5 Monate INHALT DER AUSBILDUNG: MODUL 1 - PHYSISCHE Sensibilit\u00e4ten - WE [...].","protected":false},"author":1,"featured_media":0,"parent":17971,"menu_order":2,"comment_status":"closed","ping_status":"closed","template":"page-blank-title-center.php","meta":{"inline_featured_image":false,"__cvm_playback_settings":[],"__cvm_video_id":"","footnotes":""},"class_list":["post-6554","page","type-page","status-publish","hentry"],"_links":{"self":[{"href":"https:\/\/www.lumen-care.com\/de\/wp-json\/wp\/v2\/pages\/6554","targetHints":{"allow":["GET"]}}],"collection":[{"href":"https:\/\/www.lumen-care.com\/de\/wp-json\/wp\/v2\/pages"}],"about":[{"href":"https:\/\/www.lumen-care.com\/de\/wp-json\/wp\/v2\/types\/page"}],"author":[{"embeddable":true,"href":"https:\/\/www.lumen-care.com\/de\/wp-json\/wp\/v2\/users\/1"}],"replies":[{"embeddable":true,"href":"https:\/\/www.lumen-care.com\/de\/wp-json\/wp\/v2\/comments?post=6554"}],"version-history":[{"count":3,"href":"https:\/\/www.lumen-care.com\/de\/wp-json\/wp\/v2\/pages\/6554\/revisions"}],"predecessor-version":[{"id":26578,"href":"https:\/\/www.lumen-care.com\/de\/wp-json\/wp\/v2\/pages\/6554\/revisions\/26578"}],"up":[{"embeddable":true,"href":"https:\/\/www.lumen-care.com\/de\/wp-json\/wp\/v2\/pages\/17971"}],"wp:attachment":[{"href":"https:\/\/www.lumen-care.com\/de\/wp-json\/wp\/v2\/media?parent=6554"}],"curies":[{"name":"wp","href":"https:\/\/api.w.org\/{rel}","templated":true}]}}