{"id":1109,"date":"2017-01-20T16:08:10","date_gmt":"2017-01-20T15:08:10","guid":{"rendered":"https:\/\/www.lumen-care.com\/reinformation\/complexe-sucres\/"},"modified":"2025-03-26T22:08:53","modified_gmt":"2025-03-26T21:08:53","slug":"complejo-de-azucar","status":"publish","type":"product","link":"https:\/\/www.lumen-care.com\/es\/sensibilidades-intolerancias\/complejo-de-azucar\/","title":{"rendered":"Complejo de az\u00facar"},"content":{"rendered":"<div class=\"fusion-one-full fusion-layout-column fusion-column-last fusion-spacing-yes\">\n<div class=\"fusion-column-wrapper\">Para el equilibrio vibracional relacionado con los az\u00facares y los niveles de az\u00facar en sangre.<\/div>\n<div class=\"fusion-column-wrapper\"><\/div>\n<div class=\"fusion-column-wrapper\">\n<p>Est\u00e1 ampliamente aceptado que el az\u00facar es un veneno y debe consumirse con moderaci\u00f3n. Privilegie absolutamente el az\u00facar m\u00e1s completo y oscuro posible.<\/p>\n<p><b>N\u00famero de mezclas: 04\u00a0<\/b><\/p>\n<\/div>\n<\/div>\n<table style=\"width: 100%;\">\n<tbody>\n<tr>\n<td style=\"width: 50%; height: 18px;\" valign=\"top\">\n<h3>SUGARS <span class=\"s6\">AL-02<\/span><\/h3>\n<p>Az\u00facar de remolacha, Az\u00facar moreno, Az\u00facar de ca\u00f1a, Jarabe de ma\u00edz, Jarabe de d\u00e1tiles, Dextrosa, Fructosa, Glucosa, Miel, Lactosa, Maltosa, Jarabe de arce, Melaza, Sacarosa, Az\u00facar de arroz, Az\u00facar blanco, Az\u00facar integral, Az\u00facares lentos, Az\u00facares r\u00e1pidos, Az\u00facares, Jarabes, D-glucopiranosa, Amilosa, Carbohidrato.<\/p>\n<h3>EDULCORANTES <span class=\"s6\">AL-30<\/span><\/h3>\n<p>Eritritol, Isomalt, Lactitol, Maltitol, Manitol, Sorbitol, Xilitol, Aspar- tame, Sucralosa, Acesulfamo-potasio, Ciclamatos, Sacarina, Stevia - gluc\u00f3sidos de esteviol, Neotame, Taumatina, Alitame, \u00c1cido sucron\u00f3nico, \u00c1cidos guan\u00edlicos.<\/p>\n<p style=\"text-indent: 0pt; text-align: left;\">\n<\/td>\n<td style=\"width: 50%; height: 18px;\" valign=\"top\">\n<h3>H\u00cdGADO \/ VES\u00cdCULA BILIAR <span class=\"s6\">OR-22<\/span><\/h3>\n<p>Ves\u00edcula biliar, v\u00edas biliares, conducto biliar principal, conducto c\u00edstico, bilis, fondo de la ves\u00edcula biliar, cuerpo de la ves\u00edcula biliar, cuello de la ves\u00edcula biliar, arteria c\u00edstica, venas c\u00edsticas, v\u00edas biliares, conducto biliar, hepatocitos, conducto de Herring, conducto hep\u00e1tico, ampolla de Vater, conducto hep\u00e1tico com\u00fan, esf\u00ednter de Oddi, conducto biliar accesorio, conducto c\u00edstico, h\u00edgado, fisura sagital, surco transverso, arterias hep\u00e1ticas, venas hep\u00e1ticas, ligamento falciforme, hilio hep\u00e1tico, hepatocitos, c\u00e9lulas del conducto biliar, colangiocitos, c\u00e9lulas endoteliales, c\u00e9lulas de K\u00fcppfer, c\u00e9lulas estrelladas, linfocitos hepatocitos, c\u00e9lulas ovales, vena intralobular, espacio portal, venas sinusoides, ductus biliar, ductulus biliar.<\/p>\n<h3>CANDIDA <span class=\"s6\">PA-01<\/span><\/h3>\n<p>Ascomycota, Candida, Candida albicans, Candida crusei, Candida guil- liermondi, Candida Krusei, Candida lusitaniae, Candida parakrusei, Can- dida parapsilosis, Candida Pseudotropicalis, Candida rugosa, Candida sitophilia, Candida stellatoida, Hongos, Saccharomycetaceae, Saccha-romycetales, Saccharomycetes<\/td>\n<\/tr>\n<\/tbody>\n<\/table>\n<p><b>\u00bfPARA QUI\u00c9N ES?<\/b><br \/>\nTratar todas las formas de sensibilidad o intolerancia \/\/ Cualquiera que sea la sustancia implicada \/\/ Cualquiera que sea la historia \/\/ Cualquiera que sea la intensidad.<\/p>\n<p><b>C\u00d3MO FUNCIONA :<\/b><br \/>\nEl m\u00e9todo Lumen Care se basa en <strong>memoria del agua<\/strong> y el principio homeop\u00e1tico de<strong>isoterapia<\/strong> que consiste en tratar un problema con la sustancia responsable del mismo, llevada a una diluci\u00f3n muy elevada. Este protocolo energ\u00e9tico adopta la forma de una c\u00e1psula de agua informada que se lleva como colgante sobre la piel.<\/p>\n<p><b>PROTOCOLO DE TRATAMIENTO :<\/b><br \/>\nCada c\u00e1psula debe llevarse 8 horas al d\u00eda durante 15 d\u00edas repartidos en 1 mes. Una vez desprogramada con \u00e9xito una sensibilidad, el resultado deber\u00eda ser duradero (<a href=\"https:\/\/www.lumen-care.com\/es\/mode-emploi\/\" target=\"_blank\" rel=\"noopener\">ver instrucciones de uso<\/a>).<\/p>\n<p><b>UN M\u00c9TODO NO INVASIVO:<\/b><br \/>\nSin ingesti\u00f3n \/\/ Sin absorci\u00f3n cut\u00e1nea \/\/ Sin dietas ni evitaci\u00f3n \/\/ Sin efectos secundarios \/\/ Sin l\u00edmite de edad \/\/ Sin interacciones medicamentosas.<\/p>\n<p>&nbsp;<\/p>\n<p><strong>Otras indicaciones<\/strong> No apto para personas con <strong>reacciones anafil\u00e1cticas<\/strong> a uno de los reactivos (angioedema) sin tratamiento por <em><strong><a href=\"https:\/\/www.apsl-sante.org\/annuaire-therapeutes\/\">un profesional de Lumen Care<\/a>.<\/strong><\/em>.<\/p>\n<div class=\"c-message_kit__blocks c-message_kit__blocks--rich_text\">\n<div class=\"c-message__message_blocks c-message__message_blocks--rich_text\" data-qa=\"message-text\">\n<div class=\"p-block_kit_renderer\" data-qa=\"block-kit-renderer\">\n<div class=\"p-block_kit_renderer__block_wrapper p-block_kit_renderer__block_wrapper--first\">\n<div class=\"p-rich_text_block\" dir=\"auto\">\n<div class=\"p-rich_text_section\">Composici\u00f3n de la c\u00e1psula: vidrio, agua destilada, metal y cord\u00f3n de poli\u00e9ster<\/div>\n<\/div>\n<\/div>\n<\/div>\n<\/div>\n<\/div>\n<div class=\"c-message_kit__reaction_bar c-reaction_bar c-reaction_bar--light c-reaction_bar--collapsed\" role=\"group\" data-qa=\"reaction_bar\" aria-label=\"Reacciones\" data-stringify-ignore=\"true\"><\/div>","protected":false},"excerpt":{"rendered":"<p>Para un equilibrio vibratorio relacionado con los az\u00facares y la glucemia<\/p>","protected":false},"featured_media":16721,"comment_status":"closed","ping_status":"closed","template":"","meta":{"inline_featured_image":false,"__cvm_playback_settings":[],"__cvm_video_id":""},"product_brand":[],"product_cat":[72],"product_tag":[19],"class_list":{"0":"post-1109","1":"product","2":"type-product","3":"status-publish","4":"has-post-thumbnail","6":"product_cat-intolerances-et-allergies-alimentaires","7":"product_tag-sensibilites-et-intolerances-alimentaires","8":"member-discount","9":"discount-restricted","11":"first","12":"instock","13":"taxable","14":"shipping-taxable","15":"purchasable","16":"product-type-simple"},"composite_virtual":false,"composite_layout":"","composite_add_to_cart_form_location":"","composite_editable_in_cart":false,"composite_sold_individually_context":"","composite_shop_price_calc":"","composite_components":[],"composite_scenarios":[],"_links":{"self":[{"href":"https:\/\/www.lumen-care.com\/es\/wp-json\/wp\/v2\/product\/1109","targetHints":{"allow":["GET"]}}],"collection":[{"href":"https:\/\/www.lumen-care.com\/es\/wp-json\/wp\/v2\/product"}],"about":[{"href":"https:\/\/www.lumen-care.com\/es\/wp-json\/wp\/v2\/types\/product"}],"replies":[{"embeddable":true,"href":"https:\/\/www.lumen-care.com\/es\/wp-json\/wp\/v2\/comments?post=1109"}],"wp:featuredmedia":[{"embeddable":true,"href":"https:\/\/www.lumen-care.com\/es\/wp-json\/wp\/v2\/media\/16721"}],"wp:attachment":[{"href":"https:\/\/www.lumen-care.com\/es\/wp-json\/wp\/v2\/media?parent=1109"}],"wp:term":[{"taxonomy":"product_brand","embeddable":true,"href":"https:\/\/www.lumen-care.com\/es\/wp-json\/wp\/v2\/product_brand?post=1109"},{"taxonomy":"product_cat","embeddable":true,"href":"https:\/\/www.lumen-care.com\/es\/wp-json\/wp\/v2\/product_cat?post=1109"},{"taxonomy":"product_tag","embeddable":true,"href":"https:\/\/www.lumen-care.com\/es\/wp-json\/wp\/v2\/product_tag?post=1109"}],"curies":[{"name":"wp","href":"https:\/\/api.w.org\/{rel}","templated":true}]}}