{"id":15359,"date":"2023-04-26T23:03:54","date_gmt":"2023-04-26T21:03:54","guid":{"rendered":"https:\/\/www.lumen-care.com\/?post_type=product&#038;p=15359"},"modified":"2025-03-26T22:18:58","modified_gmt":"2025-03-26T21:18:58","slug":"sensibilidad-e-intolerancia-tisular-tratamiento-natural-y-definitivo-con-capsulas-para-la-dermatopatia-de-contacto","status":"publish","type":"product","link":"https:\/\/www.lumen-care.com\/es\/sensibilidades-intolerancias\/sensibilidad-e-intolerancia-tisular-tratamiento-natural-y-definitivo-con-capsulas-para-la-dermatopatia-de-contacto\/","title":{"rendered":"Tejidos para prendas de vestir: sensibilidades e intolerancias"},"content":{"rendered":"<p><strong>AL\u00c9RGENOS CODIFICADOS :<\/strong><br \/>\nContiene las huellas vibratorias asociadas a la familia de tejidos<\/p>\n<p>Acr\u00edlico, Caucho, C\u00e1\u00f1amo, Algod\u00f3n, Cuero, Ante, Denim, Encaje, Drac\u00f3n, Dral\u00f3n, Elast\u00f3mero, Gore-Tex, Lana, Lana de cachemira, Lana de oveja, L\u00e1tex, Lino, Lycra, Mel el\u00e1stico, Nylon, Orlon, Poliamida, Poli\u00e9ster, Ray\u00f3n, Imitaci\u00f3n de cuero, Skai, Seda, Stretch, Tergal, Vell\u00f3n, Tejidos de fibras naturales, Tejidos de fibras sint\u00e9ticas, Tejidos de confecci\u00f3n, Viscosa, Telas,<\/p>\n<p><strong>\u00bfPARA QUI\u00c9N ES?<\/strong><br \/>\nTratar todas las formas de sensibilidad o intolerancia \/\/ Cualquiera que sea la sustancia implicada \/\/ Cualquiera que sea la historia \/\/ Cualquiera que sea la intensidad.<\/p>\n<p><strong>C\u00d3MO FUNCIONA :<\/strong><br \/>\nEl m\u00e9todo Lumen Care se basa en la memoria del agua y en el principio homeop\u00e1tico de la isoterapia, que consiste en tratar un problema con la sustancia responsable del mismo, llevada a una diluci\u00f3n muy elevada. Este tratamiento energ\u00e9tico adopta la forma de una c\u00e1psula de agua informada que se lleva como colgante sobre la piel.<\/p>\n<p><strong>PROTOCOLO DE TRATAMIENTO :<\/strong><br \/>\nCada c\u00e1psula debe llevarse 8 horas al d\u00eda durante 15 d\u00edas repartidos en 1 mes. Una vez desprogramada con \u00e9xito una sensibilidad, el resultado deber\u00eda ser duradero (v\u00e9anse las instrucciones de uso).<\/p>\n<p><strong>UN M\u00c9TODO NO INVASIVO:<\/strong><br \/>\nSin ingesti\u00f3n \/\/ Sin absorci\u00f3n cut\u00e1nea \/\/ Sin dietas ni evitaci\u00f3n \/\/ Sin efectos secundarios \/\/ Sin l\u00edmite de edad \/\/ Sin interacciones medicamentosas.<\/p>\n<p><strong>CONTRAINDICACIONES :<\/strong><br \/>\nNo apto para personas anafil\u00e1cticas a los al\u00e9rgenos mencionados.<\/p>","protected":false},"excerpt":{"rendered":"<p>C\u00e1psula de Reinformaci\u00f3n Vibratoria para desprogramar de forma permanente cualquier forma de sensibilidad o intolerancia vinculada a la familia de los Tejidos.<\/p>","protected":false},"featured_media":21722,"comment_status":"closed","ping_status":"closed","template":"","meta":{"inline_featured_image":false,"__cvm_playback_settings":[],"__cvm_video_id":""},"product_brand":[],"product_cat":[73],"product_tag":[],"class_list":{"0":"post-15359","1":"product","2":"type-product","3":"status-publish","4":"has-post-thumbnail","6":"product_cat-allergies-environnementales","7":"member-discount","8":"discount-restricted","10":"first","11":"instock","12":"taxable","13":"shipping-taxable","14":"purchasable","15":"product-type-simple"},"composite_virtual":false,"composite_layout":"","composite_add_to_cart_form_location":"","composite_editable_in_cart":false,"composite_sold_individually_context":"","composite_shop_price_calc":"","composite_components":[],"composite_scenarios":[],"_links":{"self":[{"href":"https:\/\/www.lumen-care.com\/es\/wp-json\/wp\/v2\/product\/15359","targetHints":{"allow":["GET"]}}],"collection":[{"href":"https:\/\/www.lumen-care.com\/es\/wp-json\/wp\/v2\/product"}],"about":[{"href":"https:\/\/www.lumen-care.com\/es\/wp-json\/wp\/v2\/types\/product"}],"replies":[{"embeddable":true,"href":"https:\/\/www.lumen-care.com\/es\/wp-json\/wp\/v2\/comments?post=15359"}],"wp:featuredmedia":[{"embeddable":true,"href":"https:\/\/www.lumen-care.com\/es\/wp-json\/wp\/v2\/media\/21722"}],"wp:attachment":[{"href":"https:\/\/www.lumen-care.com\/es\/wp-json\/wp\/v2\/media?parent=15359"}],"wp:term":[{"taxonomy":"product_brand","embeddable":true,"href":"https:\/\/www.lumen-care.com\/es\/wp-json\/wp\/v2\/product_brand?post=15359"},{"taxonomy":"product_cat","embeddable":true,"href":"https:\/\/www.lumen-care.com\/es\/wp-json\/wp\/v2\/product_cat?post=15359"},{"taxonomy":"product_tag","embeddable":true,"href":"https:\/\/www.lumen-care.com\/es\/wp-json\/wp\/v2\/product_tag?post=15359"}],"curies":[{"name":"wp","href":"https:\/\/api.w.org\/{rel}","templated":true}]}}