{"id":18546,"date":"2023-09-22T11:35:06","date_gmt":"2023-09-22T09:35:06","guid":{"rendered":"https:\/\/www.lumen-care.com\/?post_type=product&#038;p=18546"},"modified":"2025-03-26T22:27:31","modified_gmt":"2025-03-26T21:27:31","slug":"mezcla-alergenos-respiracion-4","status":"publish","type":"product","link":"https:\/\/www.lumen-care.com\/es\/sensibilidades-intolerancias\/mezcla-alergenos-respiracion-4\/","title":{"rendered":"Mezcla de metales\/aleaciones y pr\u00f3tesis"},"content":{"rendered":"<div class=\"fusion-one-full fusion-layout-column fusion-column-last fusion-spacing-yes\">\n<div class=\"fusion-column-wrapper\">\n<p>Para un equilibrio vibratorio vinculado a todas las formas de sensibilidad e intolerancia a los productos l\u00e1cteos. <span class=\"OYPEnA text-decoration-none text-strikethrough-none\">Metales y pr\u00f3tesis<\/span>.<\/p>\n<p><b>N\u00famero de mezclas: 04<\/b><\/p>\n<table style=\"width: 100%;\">\n<tbody>\n<tr>\n<td style=\"width: 50%; height: 18px;\" valign=\"top\">\n<h3>METALES Y ALEACIONES\u00a0<span class=\"s6\">ES-13<\/span><\/h3>\n<p>Acero, Acero inoxidable, Aleaci\u00f3n met\u00e1lica, Alpax, Aluminio, Amalgama dental, Plata, Joyer\u00eda, Bill\u00f3n, Bronce, Cromo, Cromo-cobalto, Cobre, Cupro-aluminio, Cupro-n\u00edquel, Cupro-plomo, Duraluminio, Esta\u00f1o, Hierro, Hierro esta\u00f1ado, Hierro forjado, Hierro, Fundici\u00f3n, Indio, Acero inoxidable, Invar, Lat\u00f3n, Alpaca, Mercurio, Metal, Molibdeno, N\u00edquel, N\u00edquel-cromo, N\u00edquel-titanio, Oro, Paladio, Permalloy, Platino, Rodio, Titanio, Wolframio, Zamac, Zicral, Zinc, Fundici\u00f3n blanca, Fundici\u00f3n gris.<\/p>\n<p>&nbsp;<\/p>\n<p>&nbsp;<\/td>\n<td style=\"width: 50%; height: 18px;\" valign=\"top\">\n<h3>PR\u00d3TESIS DENTALES CER\u00c1MICAS\u00a0<span class=\"s6\">PH-04<\/span><\/h3>\n<p>Pol\u00edmero acr\u00edlico con metilmetacrilato, Albita, Al\u00famina, Al2O3, Cer\u00e1mica, Composite, Corona dental, Di\u00f3xido de silicio, SiO2, Di\u00f3xido de titanio, TiO2, Di\u00f3xido de circonio, ZrO2, Feldespato, Fl\u00faor, Caol\u00edn, Leucita, Micatetrafluorosilicato, Nefelina, Ortosa, \u00d3xido de bario, BaO, \u00d3xido de calcio, CaO, \u00d3xido de cerio, CeO2, \u00d3xido de litio, Li2O, \u00d3xido, MgO, \u00d3xido de potasio, K2O, \u00d3xido de sodio, Na2O, \u00d3xido de estroncio, SrO, \u00d3xido de cinc, Zno, Pent\u00f3xido de f\u00f3sforo, P2O5, Poliamida, Pr\u00f3tesis, Pr\u00f3tesis dental, Cuarzo, S\u00edlice, Tri\u00f3xido de boro, B2O3, Vitrocer\u00e1mica, Circonia<\/td>\n<\/tr>\n<\/tbody>\n<\/table>\n<p><b>\u00bfPARA QUI\u00c9N ES?<\/b><br \/>\nTratar todas las formas de sensibilidad o intolerancia \/\/ Cualquiera que sea la sustancia implicada \/\/ Cualquiera que sea la historia \/\/ Cualquiera que sea la intensidad.<\/p>\n<p><b>C\u00d3MO FUNCIONA :<\/b><br \/>\nEl m\u00e9todo Lumen Care se basa en <strong>memoria del agua<\/strong> y el principio homeop\u00e1tico de<strong>isoterapia<\/strong> que consiste en tratar un problema con la sustancia responsable del mismo, llevada a una diluci\u00f3n muy elevada. Este protocolo energ\u00e9tico adopta la forma de una c\u00e1psula de agua informada que se lleva como colgante sobre la piel.<\/p>\n<p><b>PROTOCOLO DE TRATAMIENTO :<\/b><br \/>\nCada c\u00e1psula debe llevarse 8 horas al d\u00eda durante 15 d\u00edas repartidos en 1 mes. Una vez desprogramada con \u00e9xito una sensibilidad, el resultado deber\u00eda ser duradero (<a href=\"https:\/\/www.lumen-care.com\/es\/mode-emploi\/\" target=\"_blank\" rel=\"noopener\">ver instrucciones de uso<\/a>).<\/p>\n<p><b>UN M\u00c9TODO NO INVASIVO:<\/b><br \/>\nSin ingesti\u00f3n \/\/ Sin absorci\u00f3n cut\u00e1nea \/\/ Sin dietas ni evitaci\u00f3n \/\/ Sin efectos secundarios \/\/ Sin l\u00edmite de edad \/\/ Sin interacciones medicamentosas.<\/p>\n<p><em><strong>NB: No apto para personas anafil\u00e1cticas a los al\u00e9rgenos enumerados sin seguimiento por parte de <a href=\"https:\/\/www.apsl-sante.org\/annuaire-therapeutes\/\">un profesional de Lumen Care<\/a>.<\/strong><\/em><\/p>\n<p>&nbsp;<\/p>\n<\/div>\n<\/div>","protected":false},"excerpt":{"rendered":"<p>Para un equilibrio vibratorio vinculado a todas las formas de sensibilidad e intolerancia a los productos l\u00e1cteos. <span class=\"OYPEnA text-decoration-none text-strikethrough-none\">Metales y pr\u00f3tesis<\/span>.<\/p>","protected":false},"featured_media":21723,"comment_status":"closed","ping_status":"closed","template":"","meta":{"inline_featured_image":false,"__cvm_playback_settings":[],"__cvm_video_id":""},"product_brand":[],"product_cat":[88],"product_tag":[1157,1156,1155,19],"class_list":{"0":"post-18546","1":"product","2":"type-product","3":"status-publish","4":"has-post-thumbnail","6":"product_cat-allergie-medicaments-et-vaccins","7":"product_tag-alimentaires","8":"product_tag-intolerances","9":"product_tag-sensibilites","10":"product_tag-sensibilites-et-intolerances-alimentaires","11":"member-discount","12":"discount-restricted","14":"first","15":"instock","16":"taxable","17":"shipping-taxable","18":"purchasable","19":"product-type-simple"},"composite_virtual":false,"composite_layout":"","composite_add_to_cart_form_location":"","composite_editable_in_cart":false,"composite_sold_individually_context":"","composite_shop_price_calc":"","composite_components":[],"composite_scenarios":[],"_links":{"self":[{"href":"https:\/\/www.lumen-care.com\/es\/wp-json\/wp\/v2\/product\/18546","targetHints":{"allow":["GET"]}}],"collection":[{"href":"https:\/\/www.lumen-care.com\/es\/wp-json\/wp\/v2\/product"}],"about":[{"href":"https:\/\/www.lumen-care.com\/es\/wp-json\/wp\/v2\/types\/product"}],"replies":[{"embeddable":true,"href":"https:\/\/www.lumen-care.com\/es\/wp-json\/wp\/v2\/comments?post=18546"}],"wp:featuredmedia":[{"embeddable":true,"href":"https:\/\/www.lumen-care.com\/es\/wp-json\/wp\/v2\/media\/21723"}],"wp:attachment":[{"href":"https:\/\/www.lumen-care.com\/es\/wp-json\/wp\/v2\/media?parent=18546"}],"wp:term":[{"taxonomy":"product_brand","embeddable":true,"href":"https:\/\/www.lumen-care.com\/es\/wp-json\/wp\/v2\/product_brand?post=18546"},{"taxonomy":"product_cat","embeddable":true,"href":"https:\/\/www.lumen-care.com\/es\/wp-json\/wp\/v2\/product_cat?post=18546"},{"taxonomy":"product_tag","embeddable":true,"href":"https:\/\/www.lumen-care.com\/es\/wp-json\/wp\/v2\/product_tag?post=18546"}],"curies":[{"name":"wp","href":"https:\/\/api.w.org\/{rel}","templated":true}]}}